{"id":2824,"date":"2024-05-21T09:04:15","date_gmt":"2024-05-21T09:04:15","guid":{"rendered":"https:\/\/beditom.pl\/?page_id=2824"},"modified":"2026-03-20T13:56:43","modified_gmt":"2026-03-20T12:56:43","slug":"dynamic","status":"publish","type":"page","link":"https:\/\/beditom.pl\/se\/dla-przemyslu\/bramy-szybkobiezne\/dynamic\/","title":{"rendered":"DYNAMISK"},"content":{"rendered":"<section class=\"l-section wpb_row height_medium width_custom color_primary\" style=\"--site-content-width:1320px;\"><div class=\"l-section-h i-cf\"><div class=\"g-cols vc_row via_grid cols_1-4-1 laptops-cols_inherit tablets-cols_inherit mobiles-cols_1 valign_top type_default stacking_default\"><div class=\"wpb_column vc_column_container\"><div class=\"vc_column-inner\"><\/div><\/div><div class=\"wpb_column vc_column_container\"><div class=\"vc_column-inner\"><div class=\"w-html us_custom_b011e678 has_text_color\"><p>DYNAMIC\n\n<\/p><\/div><\/div><\/div><div class=\"wpb_column vc_column_container\"><div class=\"vc_column-inner\"><\/div><\/div><\/div><\/div><\/section><section class=\"l-section wpb_row us_custom_e29345e3 height_medium width_custom\" style=\"--site-content-width:1320px;\"><div class=\"l-section-h i-cf\"><div class=\"g-cols vc_row via_grid cols_1 laptops-cols_inherit tablets-cols_inherit mobiles-cols_1 valign_top type_default stacking_default\"><div class=\"wpb_column vc_column_container\"><div class=\"vc_column-inner\"><nav class=\"g-breadcrumbs us_custom_fdcab3db separator_icon align_none hide_current\" itemscope itemtype=\"http:\/\/schema.org\/BreadcrumbList\"><div class=\"g-breadcrumbs-item\" itemscope itemprop=\"itemListElement\" itemtype=\"http:\/\/schema.org\/ListItem\"><a itemprop=\"item\" href=\"https:\/\/beditom.pl\/se\/\"><span itemprop=\"name\">Strona g\u0142\u00f3wna<\/span><\/a><meta itemprop=\"position\" content=\"1\"\/><\/div><div class=\"g-breadcrumbs-separator\"><i class=\"far fa-angle-right\"><\/i><\/div><div class=\"g-breadcrumbs-item\">Sidor<\/div><\/nav><\/div><\/div><\/div><\/div><\/section>\n<section class=\"l-section wpb_row height_auto width_custom\" style=\"--site-content-width:1320px;\"><div class=\"l-section-h i-cf\"><div class=\"g-cols vc_row via_grid cols_2 laptops-cols_inherit tablets-cols_inherit mobiles-cols_1 valign_top type_default stacking_default\"><div class=\"wpb_column vc_column_container\"><div class=\"vc_column-inner\"><div class=\"w-separator size_medium\"><\/div><div class=\"w-html us_custom_ecd4848b has_text_color\"><p>OPIS PRODUKTU<\/p><\/div><div class=\"wpb_text_column us_custom_9ebf969f\"><div class=\"wpb_wrapper\"><p>Bramy DYNAMIC<\/p>\n<\/div><\/div><div class=\"wpb_text_column\"><div class=\"wpb_wrapper\"><p>s\u0105 bramami szybkobie\u017cnymi z kurtyn\u0105 samonaprawialn\u0105. Zaprojektowane do zastosowania wewn\u0105trz jak i na zewn\u0105trz obiekt\u00f3w. Stosowane szczeg\u00f3lnie w przemy\u015ble spo\u017cywczym, ch\u0142odniczym, z nagrzewnicami do mro\u017ani.<\/p>\n<\/div><\/div><div class=\"w-separator size_medium\"><\/div><div class=\"g-cols wpb_row via_grid cols_4 laptops-cols_inherit tablets-cols_inherit mobiles-cols_1 valign_top type_default stacking_default\" style=\"--columns-gap:3rem;\"><div class=\"wpb_column vc_column_container\"><div class=\"vc_column-inner\"><div class=\"w-image align_none\"><div class=\"w-image-h\"><img decoding=\"async\" width=\"887\" height=\"1024\" src=\"https:\/\/beditom.pl\/app\/uploads\/2024\/05\/icone-catalogo-07-887x1024.png\" class=\"attachment-large size-large\" alt=\"Beditom bramy gara\u017cowe\" loading=\"lazy\" srcset=\"https:\/\/beditom.pl\/app\/uploads\/2024\/05\/icone-catalogo-07-887x1024.png 887w, https:\/\/beditom.pl\/app\/uploads\/2024\/05\/icone-catalogo-07-260x300.png 260w, https:\/\/beditom.pl\/app\/uploads\/2024\/05\/icone-catalogo-07-173x200.png 173w, https:\/\/beditom.pl\/app\/uploads\/2024\/05\/icone-catalogo-07.png 1536w\" sizes=\"auto, (max-width: 887px) 100vw, 887px\" title=\"Beditom bramy gara\u017cowe segmentowe\"><\/div><\/div><\/div><\/div><div class=\"wpb_column vc_column_container\"><div class=\"vc_column-inner\"><div class=\"w-image align_none\"><div class=\"w-image-h\"><img decoding=\"async\" width=\"887\" height=\"1024\" src=\"https:\/\/beditom.pl\/app\/uploads\/2024\/05\/icone-catalogo-25-887x1024.png\" class=\"attachment-large size-large\" alt=\"Beditom bramy gara\u017cowe\" loading=\"lazy\" srcset=\"https:\/\/beditom.pl\/app\/uploads\/2024\/05\/icone-catalogo-25-887x1024.png 887w, https:\/\/beditom.pl\/app\/uploads\/2024\/05\/icone-catalogo-25-260x300.png 260w, https:\/\/beditom.pl\/app\/uploads\/2024\/05\/icone-catalogo-25-173x200.png 173w, https:\/\/beditom.pl\/app\/uploads\/2024\/05\/icone-catalogo-25.png 1536w\" sizes=\"auto, (max-width: 887px) 100vw, 887px\" title=\"Beditom bramy gara\u017cowe segmentowe\"><\/div><\/div><\/div><\/div><div class=\"wpb_column vc_column_container\"><div class=\"vc_column-inner\"><div class=\"w-image align_none\"><div class=\"w-image-h\"><img decoding=\"async\" width=\"887\" height=\"1024\" src=\"https:\/\/beditom.pl\/app\/uploads\/2024\/05\/icone-catalogo-19-887x1024.png\" class=\"attachment-large size-large\" alt=\"Beditom bramy gara\u017cowe\" loading=\"lazy\" srcset=\"https:\/\/beditom.pl\/app\/uploads\/2024\/05\/icone-catalogo-19-887x1024.png 887w, https:\/\/beditom.pl\/app\/uploads\/2024\/05\/icone-catalogo-19-260x300.png 260w, https:\/\/beditom.pl\/app\/uploads\/2024\/05\/icone-catalogo-19-173x200.png 173w, https:\/\/beditom.pl\/app\/uploads\/2024\/05\/icone-catalogo-19.png 1536w\" sizes=\"auto, (max-width: 887px) 100vw, 887px\" title=\"Beditom bramy gara\u017cowe segmentowe\"><\/div><\/div><\/div><\/div><div class=\"wpb_column vc_column_container\"><div class=\"vc_column-inner\"><div class=\"w-image align_none\"><div class=\"w-image-h\"><img decoding=\"async\" width=\"887\" height=\"1024\" src=\"https:\/\/beditom.pl\/app\/uploads\/2024\/05\/icone-catalogo-01-887x1024.png\" class=\"attachment-large size-large\" alt=\"Beditom bramy gara\u017cowe\" loading=\"lazy\" srcset=\"https:\/\/beditom.pl\/app\/uploads\/2024\/05\/icone-catalogo-01-887x1024.png 887w, https:\/\/beditom.pl\/app\/uploads\/2024\/05\/icone-catalogo-01-260x300.png 260w, https:\/\/beditom.pl\/app\/uploads\/2024\/05\/icone-catalogo-01-173x200.png 173w, https:\/\/beditom.pl\/app\/uploads\/2024\/05\/icone-catalogo-01.png 1536w\" sizes=\"auto, (max-width: 887px) 100vw, 887px\" title=\"Beditom bramy gara\u017cowe segmentowe\"><\/div><\/div><\/div><\/div><\/div><div class=\"w-separator size_medium\"><\/div><div class=\"g-cols wpb_row via_grid cols_4 laptops-cols_inherit tablets-cols_inherit mobiles-cols_1 valign_top type_default stacking_default\" style=\"--columns-gap:3rem;\"><div class=\"wpb_column vc_column_container\"><div class=\"vc_column-inner\"><div class=\"w-image align_none\"><div class=\"w-image-h\"><img decoding=\"async\" width=\"887\" height=\"1024\" src=\"https:\/\/beditom.pl\/app\/uploads\/2024\/05\/icone-catalogo-27-887x1024.png\" class=\"attachment-large size-large\" alt=\"Beditom bramy gara\u017cowe\" loading=\"lazy\" srcset=\"https:\/\/beditom.pl\/app\/uploads\/2024\/05\/icone-catalogo-27-887x1024.png 887w, https:\/\/beditom.pl\/app\/uploads\/2024\/05\/icone-catalogo-27-260x300.png 260w, https:\/\/beditom.pl\/app\/uploads\/2024\/05\/icone-catalogo-27-173x200.png 173w, https:\/\/beditom.pl\/app\/uploads\/2024\/05\/icone-catalogo-27.png 1536w\" sizes=\"auto, (max-width: 887px) 100vw, 887px\" title=\"Beditom bramy gara\u017cowe segmentowe\"><\/div><\/div><\/div><\/div><div class=\"wpb_column vc_column_container\"><div class=\"vc_column-inner\"><div class=\"w-image align_none\"><div class=\"w-image-h\"><img decoding=\"async\" width=\"887\" height=\"1024\" src=\"https:\/\/beditom.pl\/app\/uploads\/2024\/05\/icone-catalogo-14-887x1024.png\" class=\"attachment-large size-large\" alt=\"Beditom bramy gara\u017cowe\" loading=\"lazy\" srcset=\"https:\/\/beditom.pl\/app\/uploads\/2024\/05\/icone-catalogo-14-887x1024.png 887w, https:\/\/beditom.pl\/app\/uploads\/2024\/05\/icone-catalogo-14-260x300.png 260w, https:\/\/beditom.pl\/app\/uploads\/2024\/05\/icone-catalogo-14-173x200.png 173w, https:\/\/beditom.pl\/app\/uploads\/2024\/05\/icone-catalogo-14.png 1536w\" sizes=\"auto, (max-width: 887px) 100vw, 887px\" title=\"Beditom bramy gara\u017cowe segmentowe\"><\/div><\/div><\/div><\/div><div class=\"wpb_column vc_column_container\"><div class=\"vc_column-inner\"><div class=\"w-image align_none\"><div class=\"w-image-h\"><img decoding=\"async\" width=\"887\" height=\"1024\" src=\"https:\/\/beditom.pl\/app\/uploads\/2024\/05\/icone-catalogo-37-887x1024.png\" class=\"attachment-large size-large\" alt=\"Beditom bramy gara\u017cowe\" loading=\"lazy\" srcset=\"https:\/\/beditom.pl\/app\/uploads\/2024\/05\/icone-catalogo-37-887x1024.png 887w, https:\/\/beditom.pl\/app\/uploads\/2024\/05\/icone-catalogo-37-260x300.png 260w, https:\/\/beditom.pl\/app\/uploads\/2024\/05\/icone-catalogo-37-173x200.png 173w, https:\/\/beditom.pl\/app\/uploads\/2024\/05\/icone-catalogo-37.png 1536w\" sizes=\"auto, (max-width: 887px) 100vw, 887px\" title=\"Beditom bramy gara\u017cowe segmentowe\"><\/div><\/div><\/div><\/div><div class=\"wpb_column vc_column_container\"><div class=\"vc_column-inner\"><div class=\"w-image align_none\"><div class=\"w-image-h\"><img decoding=\"async\" width=\"887\" height=\"1024\" src=\"https:\/\/beditom.pl\/app\/uploads\/2024\/05\/icone-catalogo-28-887x1024.png\" class=\"attachment-large size-large\" alt=\"Beditom bramy gara\u017cowe\" loading=\"lazy\" srcset=\"https:\/\/beditom.pl\/app\/uploads\/2024\/05\/icone-catalogo-28-887x1024.png 887w, https:\/\/beditom.pl\/app\/uploads\/2024\/05\/icone-catalogo-28-260x300.png 260w, https:\/\/beditom.pl\/app\/uploads\/2024\/05\/icone-catalogo-28-173x200.png 173w, https:\/\/beditom.pl\/app\/uploads\/2024\/05\/icone-catalogo-28.png 1536w\" sizes=\"auto, (max-width: 887px) 100vw, 887px\" title=\"Beditom bramy gara\u017cowe segmentowe\"><\/div><\/div><\/div><\/div><\/div><\/div><\/div><div class=\"wpb_column vc_column_container\"><div class=\"vc_column-inner\"><div class=\"w-separator size_medium\"><\/div><div class=\"w-grid us_carousel us_custom_8b3d6790 has_text_color type_carousel layout_gallery_cropped preload_style_spinner ratio_1x1\" id=\"us_grid_1\" style=\"--item-ratio:1;\"><style>.layout_gallery_cropped .w-grid-item-h{}.layout_gallery_cropped .usg_post_image_1{position:absolute!important;left:0!important;top:0!important;bottom:0!important;right:0!important}<\/style><div class=\"w-grid-list owl-carousel valign_middle dotstyle_circle navstyle_circle arrows-ver-pos_middle arrows-hor-pos_on_sides_outside arrows-disabled_hide owl-responsive-2000\" style=\"--transition-duration:350ms;\">\t<article class=\"w-grid-item post-2891 attachment type-attachment status-inherit hentry\" data-id=\"2891\">\r\n\t\t<div class=\"w-grid-item-h\">\r\n\t\t\t\t\t\t<div class=\"w-post-elm post_image usg_post_image_1 stretched\"><img loading=\"lazy\" decoding=\"async\" width=\"1024\" height=\"668\" src=\"https:\/\/beditom.pl\/app\/uploads\/2024\/05\/Zrzut-ekranu-2024-05-21-o-13.02.12-1024x668.png\" class=\"attachment-large size-large\" alt=\"Beditom bramy gara\u017cowe\" srcset=\"https:\/\/beditom.pl\/app\/uploads\/2024\/05\/Zrzut-ekranu-2024-05-21-o-13.02.12-1024x668.png 1024w, https:\/\/beditom.pl\/app\/uploads\/2024\/05\/Zrzut-ekranu-2024-05-21-o-13.02.12-300x196.png 300w, https:\/\/beditom.pl\/app\/uploads\/2024\/05\/Zrzut-ekranu-2024-05-21-o-13.02.12-200x131.png 200w, https:\/\/beditom.pl\/app\/uploads\/2024\/05\/Zrzut-ekranu-2024-05-21-o-13.02.12.png 1508w\" sizes=\"auto, (max-width: 1024px) 100vw, 1024px\" title=\"Beditom bramy gara\u017cowe segmentowe\"><\/div>\t\t<\/div>\r\n\t\t\t<\/article>\r\n<\/div><div class=\"w-grid-carousel-json hidden\" onclick='return {&quot;carousel_settings&quot;:{&quot;aria_labels&quot;:{&quot;prev&quot;:&quot;F\\u00f6reg\\u00e5ende&quot;,&quot;next&quot;:&quot;N\\u00e4sta&quot;},&quot;autoplayContinual&quot;:false,&quot;autoplayHoverPause&quot;:false,&quot;autoplayTimeout&quot;:3000,&quot;autoWidth&quot;:false,&quot;smartSpeed&quot;:350,&quot;margin&quot;:0,&quot;mouseDrag&quot;:true,&quot;rtl&quot;:false,&quot;slideBy&quot;:&quot;1&quot;,&quot;touchDrag&quot;:true,&quot;slideTransition&quot;:&quot;&quot;,&quot;responsive&quot;:{&quot;0&quot;:{&quot;autoHeight&quot;:false,&quot;autoplay&quot;:false,&quot;autoWidth&quot;:false,&quot;center&quot;:false,&quot;dots&quot;:false,&quot;items&quot;:1,&quot;loop&quot;:false,&quot;nav&quot;:false,&quot;stagePadding&quot;:0,&quot;slideBy&quot;:&quot;1&quot;},&quot;481&quot;:{&quot;items&quot;:1,&quot;autoplay&quot;:true,&quot;center&quot;:false,&quot;dots&quot;:false,&quot;nav&quot;:false,&quot;autoHeight&quot;:false,&quot;autoWidth&quot;:false,&quot;loop&quot;:false,&quot;stagePadding&quot;:0}}}}'><\/div><\/div><\/div><\/div><\/div><\/div><\/section><section class=\"l-section wpb_row height_medium width_custom\" style=\"--site-content-width:1320px;\"><div class=\"l-section-h i-cf\"><div class=\"g-cols vc_row via_grid cols_1 laptops-cols_inherit tablets-cols_inherit mobiles-cols_1 valign_top type_default stacking_default\"><div class=\"wpb_column vc_column_container\"><div class=\"vc_column-inner\"><div class=\"w-html us_custom_ecd4848b has_text_color\"><p>KOLORYSTYKA<\/p><\/div><div class=\"w-gallery fit_cover type_grid ratio_1x1 count_12\" style=\"--columns:6;--items-gap:10px;\"><div class=\"w-gallery-list\"><div class=\"w-gallery-item\"><div class=\"w-gallery-item-img\"><img loading=\"lazy\" decoding=\"async\" width=\"175\" height=\"175\" src=\"https:\/\/beditom.pl\/app\/uploads\/2024\/03\/kolory_ral_9010.jpg\" class=\"attachment-large size-large\" alt=\"Beditom bramy gara\u017cowe\" srcset=\"https:\/\/beditom.pl\/app\/uploads\/2024\/03\/kolory_ral_9010.jpg 175w, https:\/\/beditom.pl\/app\/uploads\/2024\/03\/kolory_ral_9010-150x150.jpg 150w, https:\/\/beditom.pl\/app\/uploads\/2024\/03\/kolory_ral_9010-50x50.jpg 50w\" sizes=\"auto, (max-width: 175px) 100vw, 175px\" title=\"Beditom bramy gara\u017cowe segmentowe\"><\/div><div class=\"w-gallery-item-meta\"><div class=\"w-gallery-item-title\">Bia\u0142y RAL 9010<\/div><\/div><\/div><div class=\"w-gallery-item\"><div class=\"w-gallery-item-img\"><img loading=\"lazy\" decoding=\"async\" width=\"175\" height=\"175\" src=\"https:\/\/beditom.pl\/app\/uploads\/2024\/03\/kolory_ral_9006.jpg\" class=\"attachment-large size-large\" alt=\"Beditom bramy gara\u017cowe\" srcset=\"https:\/\/beditom.pl\/app\/uploads\/2024\/03\/kolory_ral_9006.jpg 175w, https:\/\/beditom.pl\/app\/uploads\/2024\/03\/kolory_ral_9006-150x150.jpg 150w, https:\/\/beditom.pl\/app\/uploads\/2024\/03\/kolory_ral_9006-50x50.jpg 50w\" sizes=\"auto, (max-width: 175px) 100vw, 175px\" title=\"Beditom bramy gara\u017cowe segmentowe\"><\/div><div class=\"w-gallery-item-meta\"><div class=\"w-gallery-item-title\">Szary RAL 9006<\/div><\/div><\/div><div class=\"w-gallery-item\"><div class=\"w-gallery-item-img\"><img loading=\"lazy\" decoding=\"async\" width=\"156\" height=\"152\" src=\"https:\/\/beditom.pl\/app\/uploads\/2024\/05\/Zrzut-ekranu-2024-05-27-o-10.26.21.png\" class=\"attachment-large size-large\" alt=\"Beditom bramy gara\u017cowe\" title=\"Beditom bramy gara\u017cowe segmentowe\"><\/div><div class=\"w-gallery-item-meta\"><div class=\"w-gallery-item-title\">RAL 1015<\/div><\/div><\/div><div class=\"w-gallery-item\"><div class=\"w-gallery-item-img\"><img loading=\"lazy\" decoding=\"async\" width=\"152\" height=\"160\" src=\"https:\/\/beditom.pl\/app\/uploads\/2024\/05\/Zrzut-ekranu-2024-05-27-o-10.27.04.png\" class=\"attachment-large size-large\" alt=\"Beditom bramy gara\u017cowe\" title=\"Beditom bramy gara\u017cowe segmentowe\"><\/div><div class=\"w-gallery-item-meta\"><div class=\"w-gallery-item-title\">RAL 1003<\/div><\/div><\/div><div class=\"w-gallery-item\"><div class=\"w-gallery-item-img\"><img loading=\"lazy\" decoding=\"async\" width=\"114\" height=\"112\" src=\"https:\/\/beditom.pl\/app\/uploads\/2024\/05\/Zrzut-ekranu-2024-05-27-o-10.27.28.png\" class=\"attachment-large size-large\" alt=\"Beditom bramy gara\u017cowe\" title=\"Beditom bramy gara\u017cowe segmentowe\"><\/div><div class=\"w-gallery-item-meta\"><div class=\"w-gallery-item-title\">RAL 2009<\/div><\/div><\/div><div class=\"w-gallery-item\"><div class=\"w-gallery-item-img\"><img loading=\"lazy\" decoding=\"async\" width=\"118\" height=\"112\" src=\"https:\/\/beditom.pl\/app\/uploads\/2024\/05\/Zrzut-ekranu-2024-05-27-o-10.27.57.png\" class=\"attachment-large size-large\" alt=\"Beditom bramy gara\u017cowe\" title=\"Beditom bramy gara\u017cowe segmentowe\"><\/div><div class=\"w-gallery-item-meta\"><div class=\"w-gallery-item-title\">RAL 3002<\/div><\/div><\/div><div class=\"w-gallery-item\"><div class=\"w-gallery-item-img\"><img loading=\"lazy\" decoding=\"async\" width=\"148\" height=\"156\" src=\"https:\/\/beditom.pl\/app\/uploads\/2024\/05\/Zrzut-ekranu-2024-05-27-o-10.28.10.png\" class=\"attachment-large size-large\" alt=\"Beditom bramy gara\u017cowe\" title=\"Beditom bramy gara\u017cowe segmentowe\"><\/div><div class=\"w-gallery-item-meta\"><div class=\"w-gallery-item-title\">RAL 6026<\/div><\/div><\/div><div class=\"w-gallery-item\"><div class=\"w-gallery-item-img\"><img loading=\"lazy\" decoding=\"async\" width=\"154\" height=\"148\" src=\"https:\/\/beditom.pl\/app\/uploads\/2024\/05\/Zrzut-ekranu-2024-05-27-o-10.28.20.png\" class=\"attachment-large size-large\" alt=\"Beditom bramy gara\u017cowe\" title=\"Beditom bramy gara\u017cowe segmentowe\"><\/div><div class=\"w-gallery-item-meta\"><div class=\"w-gallery-item-title\">RAL 7042<\/div><\/div><\/div><div class=\"w-gallery-item\"><div class=\"w-gallery-item-img\"><img loading=\"lazy\" decoding=\"async\" width=\"146\" height=\"150\" src=\"https:\/\/beditom.pl\/app\/uploads\/2024\/05\/Zrzut-ekranu-2024-05-27-o-10.28.25.png\" class=\"attachment-large size-large\" alt=\"Beditom bramy gara\u017cowe\" title=\"Beditom bramy gara\u017cowe segmentowe\"><\/div><div class=\"w-gallery-item-meta\"><div class=\"w-gallery-item-title\">RAL 7037<\/div><\/div><\/div><div class=\"w-gallery-item\"><div class=\"w-gallery-item-img\"><img loading=\"lazy\" decoding=\"async\" width=\"108\" height=\"116\" src=\"https:\/\/beditom.pl\/app\/uploads\/2024\/05\/Zrzut-ekranu-2024-05-27-o-10.28.30.png\" class=\"attachment-large size-large\" alt=\"Beditom bramy gara\u017cowe\" title=\"Beditom bramy gara\u017cowe segmentowe\"><\/div><div class=\"w-gallery-item-meta\"><div class=\"w-gallery-item-title\">RAL 7035<\/div><\/div><\/div><div class=\"w-gallery-item\"><div class=\"w-gallery-item-img\"><img loading=\"lazy\" decoding=\"async\" width=\"152\" height=\"144\" src=\"https:\/\/beditom.pl\/app\/uploads\/2024\/05\/Zrzut-ekranu-2024-05-27-o-10.28.35.png\" class=\"attachment-large size-large\" alt=\"Beditom bramy gara\u017cowe\" title=\"Beditom bramy gara\u017cowe segmentowe\"><\/div><div class=\"w-gallery-item-meta\"><div class=\"w-gallery-item-title\">RAL 5012<\/div><\/div><\/div><div class=\"w-gallery-item\"><div class=\"w-gallery-item-img\"><img loading=\"lazy\" decoding=\"async\" width=\"104\" height=\"104\" src=\"https:\/\/beditom.pl\/app\/uploads\/2024\/05\/Zrzut-ekranu-2024-05-27-o-10.28.40.png\" class=\"attachment-large size-large\" alt=\"Beditom bramy gara\u017cowe\" title=\"Beditom bramy gara\u017cowe segmentowe\"><\/div><div class=\"w-gallery-item-meta\"><div class=\"w-gallery-item-title\">RAL 5002<\/div><\/div><\/div><\/div><\/div><\/div><\/div><\/div><\/div><\/section><section class=\"l-section wpb_row height_auto width_custom\" style=\"--site-content-width:1320px;\"><div class=\"l-section-h i-cf\"><div class=\"g-cols vc_row via_grid cols_1 laptops-cols_inherit tablets-cols_inherit mobiles-cols_1 valign_top type_default stacking_default\"><div class=\"wpb_column vc_column_container\"><div class=\"vc_column-inner\"><div class=\"w-html us_custom_ecd4848b has_text_color\"><p>Opcje wykonania<\/p><\/div><\/div><\/div><\/div><\/div><\/section><section class=\"l-section wpb_row us_custom_5cd26a65 height_auto width_custom\" style=\"--site-content-width:1320px;\"><div class=\"l-section-h i-cf\"><div class=\"g-cols vc_row via_grid cols_3 laptops-cols_inherit tablets-cols_inherit mobiles-cols_1 valign_top type_default stacking_default\"><div class=\"wpb_column vc_column_container\"><div class=\"vc_column-inner\"><div class=\"w-image align_center\"><div class=\"w-image-h\"><img decoding=\"async\" width=\"260\" height=\"260\" src=\"https:\/\/beditom.pl\/app\/uploads\/2024\/04\/Food_INOX1.webp\" class=\"attachment-medium size-medium\" alt=\"Beditom bramy gara\u017cowe\" loading=\"lazy\" srcset=\"https:\/\/beditom.pl\/app\/uploads\/2024\/04\/Food_INOX1.webp 260w, https:\/\/beditom.pl\/app\/uploads\/2024\/04\/Food_INOX1-150x150.webp 150w, https:\/\/beditom.pl\/app\/uploads\/2024\/04\/Food_INOX1-50x50.webp 50w\" sizes=\"auto, (max-width: 260px) 100vw, 260px\" title=\"Beditom bramy gara\u017cowe segmentowe\"><\/div><\/div><div class=\"wpb_text_column us_custom_32207688\"><div class=\"wpb_wrapper\"><p style=\"text-align: center;\">Dynamic Inox<\/p>\n<\/div><\/div><div class=\"w-separator size_small\"><\/div><div class=\"wpb_text_column\"><div class=\"wpb_wrapper\"><p style=\"text-align: center;\">Konstrukcja bramy, obudowa wa\u0142u i silnika wykonane s\u0105 ze stali nierdzewnej. Brama znajduje g\u0142\u00f3wnie zastosowanie w przemy\u015ble spo\u017cywczym.<\/p>\n<\/div><\/div><\/div><\/div><div class=\"wpb_column vc_column_container\"><div class=\"vc_column-inner\"><div class=\"w-image align_center\"><div class=\"w-image-h\"><img decoding=\"async\" width=\"260\" height=\"260\" src=\"https:\/\/beditom.pl\/app\/uploads\/2024\/04\/Food_PE1.webp\" class=\"attachment-medium size-medium\" alt=\"Beditom bramy gara\u017cowe\" loading=\"lazy\" srcset=\"https:\/\/beditom.pl\/app\/uploads\/2024\/04\/Food_PE1.webp 260w, https:\/\/beditom.pl\/app\/uploads\/2024\/04\/Food_PE1-150x150.webp 150w, https:\/\/beditom.pl\/app\/uploads\/2024\/04\/Food_PE1-50x50.webp 50w\" sizes=\"auto, (max-width: 260px) 100vw, 260px\" title=\"Beditom bramy gara\u017cowe segmentowe\"><\/div><\/div><div class=\"wpb_text_column us_custom_32207688\"><div class=\"wpb_wrapper\"><p style=\"text-align: center;\">Dynamic PE<\/p>\n<\/div><\/div><div class=\"w-separator size_small\"><\/div><div class=\"wpb_text_column\"><div class=\"wpb_wrapper\"><p style=\"text-align: center;\">Konstrukcja wykonana jest polietylenu, natomiast obudowa silnika ze stali nierdzewnej. Du\u017cym atutem bramy jest mo\u017cliwo\u015b\u0107 mycia wod\u0105 pod ci\u015bnieniem, co jest szczeg\u00f3lnie wa\u017cne w przemy\u015ble spo\u017cywczym.<\/p>\n<\/div><\/div><\/div><\/div><div class=\"wpb_column vc_column_container\"><div class=\"vc_column-inner\"><div class=\"w-image align_center\"><div class=\"w-image-h\"><img decoding=\"async\" width=\"260\" height=\"260\" src=\"https:\/\/beditom.pl\/app\/uploads\/2024\/04\/Dynamicroll_Clean.webp\" class=\"attachment-medium size-medium\" alt=\"Beditom bramy gara\u017cowe\" loading=\"lazy\" srcset=\"https:\/\/beditom.pl\/app\/uploads\/2024\/04\/Dynamicroll_Clean.webp 260w, https:\/\/beditom.pl\/app\/uploads\/2024\/04\/Dynamicroll_Clean-150x150.webp 150w, https:\/\/beditom.pl\/app\/uploads\/2024\/04\/Dynamicroll_Clean-50x50.webp 50w\" sizes=\"auto, (max-width: 260px) 100vw, 260px\" title=\"Beditom bramy gara\u017cowe segmentowe\"><\/div><\/div><div class=\"wpb_text_column us_custom_32207688\"><div class=\"wpb_wrapper\"><p style=\"text-align: center;\">Dynamic Clean<\/p>\n<\/div><\/div><div class=\"w-separator size_small\"><\/div><div class=\"wpb_text_column\"><div class=\"wpb_wrapper\"><p style=\"text-align: center;\">Do zastosowania wewn\u0119trznego do pomieszcze\u0144 sterylnych (laboratoria, przemys\u0142 farmaceutyczny, kosmetyczny).<\/p>\n<\/div><\/div><\/div><\/div><\/div><\/div><\/section><section class=\"l-section wpb_row height_auto width_custom\" style=\"--site-content-width:1320px;\"><div class=\"l-section-h i-cf\"><div class=\"g-cols vc_row via_grid cols_3 laptops-cols_inherit tablets-cols_inherit mobiles-cols_1 valign_top type_default stacking_default\"><div class=\"wpb_column vc_column_container\"><div class=\"vc_column-inner\"><div class=\"w-separator size_medium\"><\/div><div class=\"w-image align_center\"><div class=\"w-image-h\"><img decoding=\"async\" width=\"260\" height=\"260\" src=\"https:\/\/beditom.pl\/app\/uploads\/2024\/04\/Frigo2.webp\" class=\"attachment-medium size-medium\" alt=\"Beditom bramy gara\u017cowe\" loading=\"lazy\" srcset=\"https:\/\/beditom.pl\/app\/uploads\/2024\/04\/Frigo2.webp 260w, https:\/\/beditom.pl\/app\/uploads\/2024\/04\/Frigo2-150x150.webp 150w, https:\/\/beditom.pl\/app\/uploads\/2024\/04\/Frigo2-50x50.webp 50w\" sizes=\"auto, (max-width: 260px) 100vw, 260px\" title=\"Beditom bramy gara\u017cowe segmentowe\"><\/div><\/div><div class=\"wpb_text_column us_custom_32207688\"><div class=\"wpb_wrapper\"><p style=\"text-align: center;\">Dynamic Frigo<\/p>\n<\/div><\/div><div class=\"w-separator size_small\"><\/div><div class=\"wpb_text_column\"><div class=\"wpb_wrapper\"><p style=\"text-align: center;\">Zosta\u0142a zaprojektowana do ch\u0142odni i mro\u017ani (nawet do \u2013 30oC!!). Specjalny system podw\u00f3jnych kurtyn PVC z podgrzewan\u0105 przestrzeni\u0105 mi\u0119dzy nimi<\/p>\n<\/div><\/div><\/div><\/div><div class=\"wpb_column vc_column_container stretched\"><div class=\"vc_column-inner\"><div class=\"w-separator size_medium\"><\/div><div class=\"w-image align_center\"><div class=\"w-image-h\"><img decoding=\"async\" width=\"260\" height=\"260\" src=\"https:\/\/beditom.pl\/app\/uploads\/2024\/04\/MEGA_PACK.webp\" class=\"attachment-medium size-medium\" alt=\"Beditom bramy gara\u017cowe\" loading=\"lazy\" srcset=\"https:\/\/beditom.pl\/app\/uploads\/2024\/04\/MEGA_PACK.webp 260w, https:\/\/beditom.pl\/app\/uploads\/2024\/04\/MEGA_PACK-150x150.webp 150w, https:\/\/beditom.pl\/app\/uploads\/2024\/04\/MEGA_PACK-50x50.webp 50w\" sizes=\"auto, (max-width: 260px) 100vw, 260px\" title=\"Beditom bramy gara\u017cowe segmentowe\"><\/div><\/div><div class=\"wpb_text_column us_custom_32207688\"><div class=\"wpb_wrapper\"><p style=\"text-align: center;\">Dynamic Mega<\/p>\n<\/div><\/div><div class=\"w-separator size_small\"><\/div><div class=\"wpb_text_column\"><div class=\"wpb_wrapper\"><p style=\"text-align: center;\">Wielkogabarytowa brama MEGA PACK zosta\u0142a zaprojektowana jest z my\u015bl\u0105 o zamkni\u0119ciu du\u017cych otwor\u00f3w w hangarach, halach i magazynach. Mo\u017cliwe jest wyprodukowanie bramy nawet o wymiarach 35 000 x 20 000H mm<\/p>\n<\/div><\/div><\/div><\/div><div class=\"wpb_column vc_column_container\"><div class=\"vc_column-inner\"><div class=\"w-separator size_medium\"><\/div><div class=\"w-image align_center\"><div class=\"w-image-h\"><img decoding=\"async\" width=\"260\" height=\"258\" src=\"https:\/\/beditom.pl\/app\/uploads\/2024\/04\/PACK.webp\" class=\"attachment-medium size-medium\" alt=\"Beditom bramy gara\u017cowe\" loading=\"lazy\" srcset=\"https:\/\/beditom.pl\/app\/uploads\/2024\/04\/PACK.webp 260w, https:\/\/beditom.pl\/app\/uploads\/2024\/04\/PACK-150x150.webp 150w, https:\/\/beditom.pl\/app\/uploads\/2024\/04\/PACK-50x50.webp 50w\" sizes=\"auto, (max-width: 260px) 100vw, 260px\" title=\"Beditom bramy gara\u017cowe segmentowe\"><\/div><\/div><div class=\"wpb_text_column us_custom_32207688\"><div class=\"wpb_wrapper\"><p style=\"text-align: center;\">Dynamic Pack<\/p>\n<\/div><\/div><div class=\"w-separator size_small\"><\/div><div class=\"wpb_text_column\"><div class=\"wpb_wrapper\"><p style=\"text-align: center;\">Sk\u0142adana do du\u017cych otwor\u00f3w. Kurtyna dost\u0119pna w 12 kolorach wykonana jest ze specjalnych profili, kt\u00f3re podczas najechania na bram\u0119 nie ulegaj\u0105 trwa\u0142ej deformacji, ale po usuni\u0119ciu przeszkody powracaj\u0105 do pierwotnych kszta\u0142t\u00f3w.<\/p>\n<\/div><\/div><\/div><\/div><\/div><\/div><\/section><section class=\"l-section wpb_row height_auto width_custom\" style=\"--site-content-width:1320px;\"><div class=\"l-section-h i-cf\"><div class=\"g-cols vc_row via_grid cols_3 laptops-cols_inherit tablets-cols_inherit mobiles-cols_1 valign_top type_default stacking_default\"><div class=\"wpb_column vc_column_container\"><div class=\"vc_column-inner\"><div class=\"w-separator size_medium\"><\/div><div class=\"w-image align_center\"><div class=\"w-image-h\"><img decoding=\"async\" width=\"265\" height=\"300\" src=\"https:\/\/beditom.pl\/app\/uploads\/2024\/05\/Zrzut-ekranu-2024-05-21-o-13.17.58-265x300.png\" class=\"attachment-medium size-medium\" alt=\"Beditom bramy gara\u017cowe\" loading=\"lazy\" srcset=\"https:\/\/beditom.pl\/app\/uploads\/2024\/05\/Zrzut-ekranu-2024-05-21-o-13.17.58-265x300.png 265w, https:\/\/beditom.pl\/app\/uploads\/2024\/05\/Zrzut-ekranu-2024-05-21-o-13.17.58-906x1024.png 906w, https:\/\/beditom.pl\/app\/uploads\/2024\/05\/Zrzut-ekranu-2024-05-21-o-13.17.58-177x200.png 177w, https:\/\/beditom.pl\/app\/uploads\/2024\/05\/Zrzut-ekranu-2024-05-21-o-13.17.58.png 1056w\" sizes=\"auto, (max-width: 265px) 100vw, 265px\" title=\"Beditom bramy gara\u017cowe segmentowe\"><\/div><\/div><div class=\"wpb_text_column us_custom_32207688\"><div class=\"wpb_wrapper\"><p style=\"text-align: center;\">Dynamic Inner<\/p>\n<\/div><\/div><div class=\"w-separator size_small\"><\/div><div class=\"wpb_text_column\"><div class=\"wpb_wrapper\"><p style=\"text-align: center;\">Idealnie nadaj\u0119 si\u0119 do zamkni\u0119cia du\u017cych wewn\u0119trznych otwor\u00f3w<\/p>\n<\/div><\/div><\/div><\/div><div class=\"wpb_column vc_column_container\"><div class=\"vc_column-inner\"><div class=\"w-separator size_medium\"><\/div><div class=\"w-image align_center\"><div class=\"w-image-h\"><img decoding=\"async\" width=\"300\" height=\"300\" src=\"https:\/\/beditom.pl\/app\/uploads\/2024\/04\/Spiralna1-300x300.webp\" class=\"attachment-medium size-medium\" alt=\"Beditom bramy gara\u017cowe\" loading=\"lazy\" srcset=\"https:\/\/beditom.pl\/app\/uploads\/2024\/04\/Spiralna1-300x300.webp 300w, https:\/\/beditom.pl\/app\/uploads\/2024\/04\/Spiralna1-150x150.webp 150w, https:\/\/beditom.pl\/app\/uploads\/2024\/04\/Spiralna1-50x50.webp 50w, https:\/\/beditom.pl\/app\/uploads\/2024\/04\/Spiralna1.webp 400w\" sizes=\"auto, (max-width: 300px) 100vw, 300px\" title=\"Beditom bramy gara\u017cowe segmentowe\"><\/div><\/div><div class=\"wpb_text_column us_custom_32207688\"><div class=\"wpb_wrapper\"><p style=\"text-align: center;\">Dynamic Spiral<\/p>\n<\/div><\/div><div class=\"w-separator size_small\"><\/div><div class=\"wpb_text_column\"><div class=\"wpb_wrapper\"><p style=\"text-align: center;\">Izolowany p\u0142aszcz bramy o gr. 42 mm wykonany jest z profili aluminiowych o podw\u00f3jnych \u015bciankach wype\u0142nionych polistyrenem ekstrudowanym<\/p>\n<\/div><\/div><\/div><\/div><div class=\"wpb_column vc_column_container\"><div class=\"vc_column-inner\"><\/div><\/div><\/div><\/div><\/section><section class=\"l-section wpb_row hide_on_default hide_on_laptops hide_on_tablets hide_on_mobiles height_medium width_custom\" style=\"--site-content-width:1320px;\"><div class=\"l-section-h i-cf\"><div class=\"g-cols vc_row via_grid cols_1 laptops-cols_inherit tablets-cols_inherit mobiles-cols_1 valign_top type_default stacking_default\"><div class=\"wpb_column vc_column_container\"><div class=\"vc_column-inner\"><div class=\"wpb_text_column us_custom_9ebf969f\"><div class=\"wpb_wrapper\"><p>Parametry techniczne<\/p>\n<\/div><\/div><div class=\"wpb_text_column\"><div class=\"wpb_wrapper\"><table class=\"ipTableManagement table\" border=\"0\">\n<tbody>\n<tr>\n<td>Maksymalne wymiary<\/td>\n<td>6000x6000H [mm]<\/td>\n<\/tr>\n<tr>\n<td>Pr\u0119dko\u015b\u0107 otwierania<\/td>\n<td>max 2,0 m\/sec<\/td>\n<\/tr>\n<tr>\n<td>Pr\u0119dko\u015b\u0107 zamykania<\/td>\n<td>~0,8 m\/sec<\/td>\n<\/tr>\n<tr>\n<td>Odporno\u015b\u0107 na wiatr (EN 12424):<\/td>\n<td>klasa:<\/td>\n<\/tr>\n<tr>\n<td>3000\u00d73000 h<\/td>\n<td>4<\/td>\n<\/tr>\n<tr>\n<td>5000\u00d75000 h<\/td>\n<td>3<\/td>\n<\/tr>\n<tr>\n<td>7000\u00d75000 h<\/td>\n<td>2<\/td>\n<\/tr>\n<tr>\n<td>8000\u00d78000 h<\/td>\n<td>1<\/p>\n<p>&nbsp;<\/td>\n<\/tr>\n<tr>\n<td>Zasilanie, inverter<\/p>\n<p>Silnik<\/td>\n<td>400 V, 10A<\/p>\n<p>0,75 kW \u2013 1,5 kW ( w zalezno\u015bci od wymiaru), 6A<\/td>\n<\/tr>\n<tr>\n<td>Cz\u0119stotliwo\u015b\u0107<\/td>\n<td>50\/60 Hz<\/td>\n<\/tr>\n<tr>\n<td>Wydajno\u015b\u0107 w cyklach (EN 12604)<\/td>\n<td>1 000.000<\/td>\n<\/tr>\n<\/tbody>\n<\/table>\n<\/div><\/div><\/div><\/div><\/div><\/div><\/section>\n","protected":false},"excerpt":{"rendered":"","protected":false},"author":1,"featured_media":2895,"parent":1656,"menu_order":0,"comment_status":"closed","ping_status":"closed","template":"","meta":{"_acf_changed":false,"footnotes":""},"class_list":["post-2824","page","type-page","status-publish","has-post-thumbnail","hentry"],"acf":[],"_links":{"self":[{"href":"https:\/\/beditom.pl\/se\/wp-json\/wp\/v2\/pages\/2824","targetHints":{"allow":["GET"]}}],"collection":[{"href":"https:\/\/beditom.pl\/se\/wp-json\/wp\/v2\/pages"}],"about":[{"href":"https:\/\/beditom.pl\/se\/wp-json\/wp\/v2\/types\/page"}],"author":[{"embeddable":true,"href":"https:\/\/beditom.pl\/se\/wp-json\/wp\/v2\/users\/1"}],"replies":[{"embeddable":true,"href":"https:\/\/beditom.pl\/se\/wp-json\/wp\/v2\/comments?post=2824"}],"version-history":[{"count":18,"href":"https:\/\/beditom.pl\/se\/wp-json\/wp\/v2\/pages\/2824\/revisions"}],"predecessor-version":[{"id":5074,"href":"https:\/\/beditom.pl\/se\/wp-json\/wp\/v2\/pages\/2824\/revisions\/5074"}],"up":[{"embeddable":true,"href":"https:\/\/beditom.pl\/se\/wp-json\/wp\/v2\/pages\/1656"}],"wp:featuredmedia":[{"embeddable":true,"href":"https:\/\/beditom.pl\/se\/wp-json\/wp\/v2\/media\/2895"}],"wp:attachment":[{"href":"https:\/\/beditom.pl\/se\/wp-json\/wp\/v2\/media?parent=2824"}],"curies":[{"name":"wp","href":"https:\/\/api.w.org\/{rel}","templated":true}]}}