{"id":1200,"date":"2024-03-25T20:07:42","date_gmt":"2024-03-25T20:07:42","guid":{"rendered":"https:\/\/beditom.pl\/?page_id=1200"},"modified":"2024-07-11T07:53:33","modified_gmt":"2024-07-11T07:53:33","slug":"berner-napedy-do-bram-przesuwnych","status":"publish","type":"page","link":"https:\/\/beditom.pl\/it\/dla-domu\/automatyka-do-bram-wjazdowych\/berner-napedy-do-bram-przesuwnych\/","title":{"rendered":"Berner nap\u0119dy do bram przesuwnych i rozwiernych"},"content":{"rendered":"<section class=\"l-section wpb_row height_medium width_custom color_primary\" style=\"--site-content-width:1320px;\"><div class=\"l-section-h i-cf\"><div class=\"g-cols vc_row via_grid cols_1-4-1 laptops-cols_inherit tablets-cols_inherit mobiles-cols_1 valign_top type_default stacking_default\"><div class=\"wpb_column vc_column_container\"><div class=\"vc_column-inner\"><\/div><\/div><div class=\"wpb_column vc_column_container\"><div class=\"vc_column-inner\"><div class=\"w-html us_custom_b011e678 has_text_color\"><p>Berner Automatyka do bram przesuwnych\n<\/p><\/div><\/div><\/div><div class=\"wpb_column vc_column_container\"><div class=\"vc_column-inner\"><\/div><\/div><\/div><\/div><\/section><section class=\"l-section wpb_row us_custom_e29345e3 height_medium width_custom\" style=\"--site-content-width:1320px;\"><div class=\"l-section-h i-cf\"><div class=\"g-cols vc_row via_grid cols_1 laptops-cols_inherit tablets-cols_inherit mobiles-cols_1 valign_top type_default stacking_default\"><div class=\"wpb_column vc_column_container\"><div class=\"vc_column-inner\"><nav class=\"g-breadcrumbs us_custom_fdcab3db separator_icon align_none hide_current\" itemscope itemtype=\"http:\/\/schema.org\/BreadcrumbList\"><div class=\"g-breadcrumbs-item\" itemscope itemprop=\"itemListElement\" itemtype=\"http:\/\/schema.org\/ListItem\"><a itemprop=\"item\" href=\"https:\/\/beditom.pl\/it\/\"><span itemprop=\"name\">Homepage<\/span><\/a><meta itemprop=\"position\" content=\"1\"\/><\/div><div class=\"g-breadcrumbs-separator\"><i class=\"far fa-angle-right\"><\/i><\/div><div class=\"g-breadcrumbs-item\">Pagine<\/div><\/nav><\/div><\/div><\/div><\/div><\/section>\n<section class=\"l-section wpb_row height_medium width_custom\" style=\"--site-content-width:1320px;\"><div class=\"l-section-h i-cf\"><div class=\"g-cols vc_row via_grid cols_2 laptops-cols_inherit tablets-cols_inherit mobiles-cols_1 valign_middle type_default stacking_default\"><div class=\"wpb_column vc_column_container\"><div class=\"vc_column-inner\"><div class=\"w-image align_none\"><div class=\"w-image-h\"><img decoding=\"async\" width=\"300\" height=\"120\" src=\"https:\/\/beditom.pl\/app\/uploads\/2024\/03\/LOGO_BERNER_dystrybutor1-1-300x120.webp\" class=\"attachment-medium size-medium\" alt=\"Beditom bramy gara\u017cowe\" loading=\"lazy\" srcset=\"https:\/\/beditom.pl\/app\/uploads\/2024\/03\/LOGO_BERNER_dystrybutor1-1-300x120.webp 300w, https:\/\/beditom.pl\/app\/uploads\/2024\/03\/LOGO_BERNER_dystrybutor1-1.webp 440w\" sizes=\"auto, (max-width: 300px) 100vw, 300px\" title=\"Porte sezionali da garage Beditom\"><\/div><\/div><div class=\"w-separator size_medium\"><\/div><div class=\"wpb_text_column us_custom_ecd4848b has_text_color\"><div class=\"wpb_wrapper\"><p>DESCRIZIONE DEL PRODOTTO<\/p>\n<\/div><\/div><div class=\"w-html us_custom_9ebf969f\"><p>Automatyka do bram przesuwnych<\/p><\/div><div class=\"wpb_text_column\"><div class=\"wpb_wrapper\"><p>Nap\u0119dy Berner do bram przesuwnych z silnikami 24 V, 230 V i 400 V nadaj\u0105 si\u0119 do monta\u017cu zar\u00f3wno w domach prywatnych, jak i obiektach u\u017cytkowych. Solidna obudowa z ci\u015bnieniowego odlewu cynkowego sprawia, \u017ce s\u0105 szczeg\u00f3lnie trwa\u0142e i niezawodne. Sterowniki nap\u0119d\u00f3w do bram przesuwnych 24 V \/ 230 V s\u0105 wbudowane w obudowie. Nap\u0119d do bram przesuwnych 400 V ma zewn\u0119trzny sterownik.<\/p>\n<p>Szczeg\u00f3lnie praktyczne s\u0105 stabilne konsole pod\u0142ogowe o regulowanej wysoko\u015bci oraz listwa z\u0119bata, kt\u00f3r\u0105 mo\u017cna dopasowa\u0107 do dowolnej konstrukcji drzwi. Obudowa, konsola pod\u0142ogowa i listwa z\u0119bata s\u0105 oczywi\u015bcie odporne na czynniki pogodowe i w 100% bezobs\u0142ugowe.<\/p>\n<p><strong>Wy\u0142\u0105cznym dystrybutorem produkt\u00f3w Berner w Polsce jest Beditom. Do\u0142\u0105cz do naszej sieci sprzeda\u017cy!<\/strong><\/p>\n<\/div><\/div><\/div><\/div><div class=\"wpb_column vc_column_container\"><div class=\"vc_column-inner\"><div class=\"w-image align_none\"><div class=\"w-image-h\"><img decoding=\"async\" width=\"600\" height=\"290\" src=\"https:\/\/beditom.pl\/app\/uploads\/2024\/03\/berner_front_1-600x290.webp\" class=\"attachment-woocommerce_single size-woocommerce_single\" alt=\"Beditom bramy gara\u017cowe\" loading=\"lazy\" srcset=\"https:\/\/beditom.pl\/app\/uploads\/2024\/03\/berner_front_1-600x290.webp 600w, https:\/\/beditom.pl\/app\/uploads\/2024\/03\/berner_front_1-300x145.webp 300w, https:\/\/beditom.pl\/app\/uploads\/2024\/03\/berner_front_1-1024x495.webp 1024w, https:\/\/beditom.pl\/app\/uploads\/2024\/03\/berner_front_1.webp 1180w\" sizes=\"auto, (max-width: 600px) 100vw, 600px\" title=\"Porte sezionali da garage Beditom\"><\/div><\/div><\/div><\/div><\/div><\/div><\/section><section class=\"l-section wpb_row height_auto width_custom\" style=\"--site-content-width:1320px;\"><div class=\"l-section-h i-cf\"><div class=\"g-cols vc_row via_grid cols_1 laptops-cols_inherit tablets-cols_inherit mobiles-cols_1 valign_top type_default stacking_default\"><div class=\"wpb_column vc_column_container\"><div class=\"vc_column-inner\"><div class=\"wpb_text_column us_custom_ecd4848b has_text_color\"><div class=\"wpb_wrapper\"><p>MODELE<\/p>\n<\/div><\/div><\/div><\/div><\/div><\/div><\/section><section class=\"l-section wpb_row us_custom_887a049b height_medium width_custom\" style=\"--site-content-width:1320px;\"><div class=\"l-section-h i-cf\"><div class=\"g-cols vc_row via_grid cols_3 laptops-cols_inherit tablets-cols_inherit mobiles-cols_1 valign_top type_default stacking_default\"><div class=\"wpb_column vc_column_container\"><div class=\"vc_column-inner\"><div class=\"w-image align_center\"><div class=\"w-image-h\"><img decoding=\"async\" width=\"150\" height=\"150\" src=\"https:\/\/beditom.pl\/app\/uploads\/2024\/03\/Berner_C300-1-150x150.webp\" class=\"attachment-thumbnail size-thumbnail\" alt=\"Beditom bramy gara\u017cowe\" loading=\"lazy\" srcset=\"https:\/\/beditom.pl\/app\/uploads\/2024\/03\/Berner_C300-1-150x150.webp 150w, https:\/\/beditom.pl\/app\/uploads\/2024\/03\/Berner_C300-1-50x50.webp 50w, https:\/\/beditom.pl\/app\/uploads\/2024\/03\/Berner_C300-1-300x300.webp 300w\" sizes=\"auto, (max-width: 150px) 100vw, 150px\" title=\"Porte sezionali da garage Beditom\"><\/div><\/div><div class=\"wpb_text_column us_custom_32207688\"><div class=\"wpb_wrapper\"><p style=\"text-align: center;\">C300<\/p>\n<\/div><\/div><div class=\"w-separator size_small\"><\/div><div class=\"wpb_text_column\"><div class=\"wpb_wrapper\"><p style=\"text-align: center;\">Maks. masa bramy 300 kg<br \/>\nMaks. masa skrzyd\u0142a bramy: 6 m<\/p>\n<\/div><\/div><\/div><\/div><div class=\"wpb_column vc_column_container\"><div class=\"vc_column-inner\"><div class=\"w-image align_center\"><div class=\"w-image-h\"><img decoding=\"async\" width=\"150\" height=\"150\" src=\"https:\/\/beditom.pl\/app\/uploads\/2024\/03\/Berner_C500-150x150.webp\" class=\"attachment-thumbnail size-thumbnail\" alt=\"Beditom bramy gara\u017cowe\" loading=\"lazy\" srcset=\"https:\/\/beditom.pl\/app\/uploads\/2024\/03\/Berner_C500-150x150.webp 150w, https:\/\/beditom.pl\/app\/uploads\/2024\/03\/Berner_C500-50x50.webp 50w, https:\/\/beditom.pl\/app\/uploads\/2024\/03\/Berner_C500-300x300.webp 300w\" sizes=\"auto, (max-width: 150px) 100vw, 150px\" title=\"Porte sezionali da garage Beditom\"><\/div><\/div><div class=\"wpb_text_column us_custom_32207688\"><div class=\"wpb_wrapper\"><p style=\"text-align: center;\">C500<\/p>\n<\/div><\/div><div class=\"w-separator size_small\"><\/div><div class=\"wpb_text_column\"><div class=\"wpb_wrapper\"><p style=\"text-align: center;\">Maks. masa bramy 500 kg<br \/>\nMaks. masa skrzyd\u0142a bramy: 8 m<\/p>\n<\/div><\/div><\/div><\/div><div class=\"wpb_column vc_column_container\"><div class=\"vc_column-inner\"><div class=\"w-image align_center\"><div class=\"w-image-h\"><img decoding=\"async\" width=\"150\" height=\"150\" src=\"https:\/\/beditom.pl\/app\/uploads\/2024\/03\/Berner_C800-150x150.webp\" class=\"attachment-thumbnail size-thumbnail\" alt=\"Beditom bramy gara\u017cowe\" loading=\"lazy\" srcset=\"https:\/\/beditom.pl\/app\/uploads\/2024\/03\/Berner_C800-150x150.webp 150w, https:\/\/beditom.pl\/app\/uploads\/2024\/03\/Berner_C800-50x50.webp 50w, https:\/\/beditom.pl\/app\/uploads\/2024\/03\/Berner_C800-300x300.webp 300w\" sizes=\"auto, (max-width: 150px) 100vw, 150px\" title=\"Porte sezionali da garage Beditom\"><\/div><\/div><div class=\"wpb_text_column us_custom_32207688\"><div class=\"wpb_wrapper\"><p style=\"text-align: center;\">C800<\/p>\n<\/div><\/div><div class=\"w-separator size_small\"><\/div><div class=\"wpb_text_column\"><div class=\"wpb_wrapper\"><p style=\"text-align: center;\">Maks. masa bramy 800 kg<br \/>\nMaks. masa skrzyd\u0142a bramy: 10 m<\/p>\n<\/div><\/div><\/div><\/div><\/div><\/div><\/section><section class=\"l-section wpb_row us_custom_887a049b height_medium width_custom\" style=\"--site-content-width:1320px;\"><div class=\"l-section-h i-cf\"><div class=\"g-cols vc_row via_grid cols_2 laptops-cols_inherit tablets-cols_inherit mobiles-cols_1 valign_top type_default stacking_default\"><div class=\"wpb_column vc_column_container\"><div class=\"vc_column-inner\"><div class=\"w-html us_custom_9ebf969f\"><p>Nap\u0119dy do bram rozwiernych\n\n<\/p><\/div><div class=\"wpb_text_column\"><div class=\"wpb_wrapper\"><p>Nap\u0119dy do wjazdowych bram rozwiernych Berner to spos\u00f3b na to, aby ju\u017c nigdy wi\u0119cej nie musie\u0107 otwiera\u0107 r\u0119k\u0105 bramy wjazdowej, nawet przy intensywnym ruchu, deszczu i \u015bniegu. Wystarczy nacisn\u0105\u0107 przycisk i ju\u017c brama wjazdowa otwiera si\u0119 i zamyka niezawodnie, szybko i bezpiecznie.<\/p>\n<p>Nasze wydajne nap\u0119dy idealnie pasuj\u0105 do ka\u017cdej sytuacji i mo\u017cna je bez problemu montowa\u0107 tak\u017ce w ju\u017c wybudowanych bramach. Gama produkt\u00f3w jest na tyle szeroka, \u017ce ka\u017cdy mo\u017ce wybra\u0107 idealny nap\u0119d Berner do prywatnego domu lub obiektu u\u017cytkowego.<\/p>\n<p>Nap\u0119dy do bram wjazdowych Berner na 24 V i 230 V nadaj\u0105 si\u0119 do monta\u017cu zar\u00f3wno w domach prywatnych, jak i obiektach u\u017cytkowych. S\u0105 odporne na czynniki pogodowe i absolutnie bezobs\u0142ugowe. Cicho i niezawodnie otwieraj\u0105 i zamykaj\u0105 bram\u0119 wjazdow\u0105.<br \/>\nS\u0105 przy tym oczywi\u015bcie ciche i ca\u0142kowicie bezpieczne.<\/p>\n<p><strong>Wy\u0142\u0105cznym dystrybutorem produkt\u00f3w Berner w Polsce jest Beditom. Do\u0142\u0105cz do naszej sieci sprzeda\u017cy!<\/strong><\/p>\n<\/div><\/div><\/div><\/div><div class=\"wpb_column vc_column_container\"><div class=\"vc_column-inner\"><div class=\"w-image align_none\"><div class=\"w-image-h\"><img decoding=\"async\" width=\"549\" height=\"341\" src=\"https:\/\/beditom.pl\/app\/uploads\/2024\/03\/berner_rozwierne.webp\" class=\"attachment-woocommerce_single size-woocommerce_single\" alt=\"Beditom bramy gara\u017cowe\" loading=\"lazy\" srcset=\"https:\/\/beditom.pl\/app\/uploads\/2024\/03\/berner_rozwierne.webp 549w, https:\/\/beditom.pl\/app\/uploads\/2024\/03\/berner_rozwierne-300x186.webp 300w, https:\/\/beditom.pl\/app\/uploads\/2024\/03\/berner_rozwierne-50x31.webp 50w\" sizes=\"auto, (max-width: 549px) 100vw, 549px\" title=\"Porte sezionali da garage Beditom\"><\/div><\/div><\/div><\/div><\/div><\/div><\/section><section class=\"l-section wpb_row height_auto width_custom\" style=\"--site-content-width:1320px;\"><div class=\"l-section-h i-cf\"><div class=\"g-cols vc_row via_grid cols_1 laptops-cols_inherit tablets-cols_inherit mobiles-cols_1 valign_top type_default stacking_default\"><div class=\"wpb_column vc_column_container\"><div class=\"vc_column-inner\"><div class=\"wpb_text_column us_custom_ecd4848b has_text_color\"><div class=\"wpb_wrapper\"><p>MODELE<\/p>\n<\/div><\/div><\/div><\/div><\/div><\/div><\/section><section class=\"l-section wpb_row us_custom_5cd26a65 height_medium width_custom\" style=\"--site-content-width:1320px;\"><div class=\"l-section-h i-cf\"><div class=\"g-cols vc_row via_grid cols_3 laptops-cols_inherit tablets-cols_inherit mobiles-cols_1 valign_top type_default stacking_default\"><div class=\"wpb_column vc_column_container\"><div class=\"vc_column-inner\"><div class=\"w-image align_center\"><div class=\"w-image-h\"><img decoding=\"async\" width=\"400\" height=\"158\" src=\"https:\/\/beditom.pl\/app\/uploads\/2024\/03\/DA20_berner.webp\" class=\"attachment-us_200_200 size-us_200_200\" alt=\"Beditom bramy gara\u017cowe\" loading=\"lazy\" srcset=\"https:\/\/beditom.pl\/app\/uploads\/2024\/03\/DA20_berner.webp 400w, https:\/\/beditom.pl\/app\/uploads\/2024\/03\/DA20_berner-300x119.webp 300w, https:\/\/beditom.pl\/app\/uploads\/2024\/03\/DA20_berner-50x20.webp 50w\" sizes=\"auto, (max-width: 400px) 100vw, 400px\" title=\"Porte sezionali da garage Beditom\"><\/div><\/div><div class=\"wpb_text_column us_custom_32207688\"><div class=\"wpb_wrapper\"><p style=\"text-align: center;\">DA20<\/p>\n<\/div><\/div><div class=\"w-separator size_small\"><\/div><div class=\"wpb_text_column\"><div class=\"wpb_wrapper\"><p style=\"text-align: center;\">Do 1- i 2-skrzyd\u0142owych bram wjazdowych o normalnej szeroko\u015bci.<br \/>\nMaks. waga bramy 220 kg<br \/>\nMaks. szeroko\u015b\u0107 skrzyd\u0142a bramy 2,5 m<\/p>\n<\/div><\/div><\/div><\/div><div class=\"wpb_column vc_column_container\"><div class=\"vc_column-inner\"><div class=\"w-image align_center\"><div class=\"w-image-h\"><img decoding=\"async\" width=\"400\" height=\"176\" src=\"https:\/\/beditom.pl\/app\/uploads\/2024\/03\/DA40_berner.webp\" class=\"attachment-us_200_200 size-us_200_200\" alt=\"Beditom bramy gara\u017cowe\" loading=\"lazy\" srcset=\"https:\/\/beditom.pl\/app\/uploads\/2024\/03\/DA40_berner.webp 400w, https:\/\/beditom.pl\/app\/uploads\/2024\/03\/DA40_berner-300x132.webp 300w, https:\/\/beditom.pl\/app\/uploads\/2024\/03\/DA40_berner-50x22.webp 50w\" sizes=\"auto, (max-width: 400px) 100vw, 400px\" title=\"Porte sezionali da garage Beditom\"><\/div><\/div><div class=\"wpb_text_column us_custom_32207688\"><div class=\"wpb_wrapper\"><p style=\"text-align: center;\">DA40-L<\/p>\n<\/div><\/div><div class=\"w-separator size_small\"><\/div><div class=\"wpb_text_column\"><div class=\"wpb_wrapper\"><p style=\"text-align: center;\">Do 1- i 2-skrzyd\u0142owych bram wjazdowych o normalnej i du\u017cej szeroko\u015bci.<br \/>\nMaks. waga bramy 400 kg<br \/>\nMaks. szeroko\u015b\u0107 skrzyd\u0142a bramy 4 m<\/p>\n<\/div><\/div><\/div><\/div><div class=\"wpb_column vc_column_container\"><div class=\"vc_column-inner\"><\/div><\/div><\/div><\/div><\/section><section class=\"l-section wpb_row height_auto width_custom\" style=\"--site-content-width:1320px;\"><div class=\"l-section-h i-cf\"><div class=\"g-cols vc_row via_grid cols_1 laptops-cols_inherit tablets-cols_inherit mobiles-cols_1 valign_top type_default stacking_default\"><div class=\"wpb_column vc_column_container\"><div class=\"vc_column-inner\"><div class=\"wpb_text_column us_custom_ecd4848b has_text_color\"><div class=\"wpb_wrapper\"><p>Accessori<\/p>\n<\/div><\/div><\/div><\/div><\/div><\/div><\/section><section class=\"l-section wpb_row us_custom_887a049b height_medium width_custom\" style=\"--site-content-width:1320px;\"><div class=\"l-section-h i-cf\"><div class=\"g-cols vc_row via_grid cols_3 laptops-cols_inherit tablets-cols_inherit mobiles-cols_1 valign_top type_default stacking_default\"><div class=\"wpb_column vc_column_container\"><div class=\"vc_column-inner\"><div class=\"w-image align_center\"><div class=\"w-image-h\"><img decoding=\"async\" width=\"150\" height=\"150\" src=\"https:\/\/beditom.pl\/app\/uploads\/2024\/03\/BHS591-150x150.webp\" class=\"attachment-thumbnail size-thumbnail\" alt=\"Beditom bramy gara\u017cowe\" loading=\"lazy\" srcset=\"https:\/\/beditom.pl\/app\/uploads\/2024\/03\/BHS591-150x150.webp 150w, https:\/\/beditom.pl\/app\/uploads\/2024\/03\/BHS591-300x300.webp 300w\" sizes=\"auto, (max-width: 150px) 100vw, 150px\" title=\"Porte sezionali da garage Beditom\"><\/div><\/div><div class=\"wpb_text_column us_custom_32207688\"><div class=\"wpb_wrapper\"><p style=\"text-align: center;\">Bezprzewodowa klawiatura<\/p>\n<\/div><\/div><div class=\"w-separator size_small\"><\/div><div class=\"wpb_text_column\"><div class=\"wpb_wrapper\"><p style=\"text-align: center;\">Nasze radiowe klawiatury kodowe BHS591 z pod\u015bwietlan\u0105 klawiatur\u0105 do sterowania maksymalnie 4 nap\u0119dami.<\/p>\n<\/div><\/div><\/div><\/div><div class=\"wpb_column vc_column_container\"><div class=\"vc_column-inner\"><div class=\"w-image align_center\"><div class=\"w-image-h\"><img decoding=\"async\" width=\"150\" height=\"150\" src=\"https:\/\/beditom.pl\/app\/uploads\/2024\/03\/BHS421-150x150.webp\" class=\"attachment-thumbnail size-thumbnail\" alt=\"Beditom bramy gara\u017cowe\" loading=\"lazy\" srcset=\"https:\/\/beditom.pl\/app\/uploads\/2024\/03\/BHS421-150x150.webp 150w, https:\/\/beditom.pl\/app\/uploads\/2024\/03\/BHS421-300x300.webp 300w\" sizes=\"auto, (max-width: 150px) 100vw, 150px\" title=\"Porte sezionali da garage Beditom\"><\/div><\/div><div class=\"wpb_text_column us_custom_32207688\"><div class=\"wpb_wrapper\"><p style=\"text-align: center;\">Bezprzewodowy przycisk wewn\u0119trzny<\/p>\n<\/div><\/div><div class=\"w-separator size_small\"><\/div><div class=\"wpb_text_column\"><div class=\"wpb_wrapper\"><p style=\"text-align: center;\">Radiowy nadajnik wewn\u0119trzny BHS421 Blue-push2 zawiera 2 przyciski impulsowe do sterowania impulsowego 2 nap\u0119dami. Istnieje mo\u017cliwo\u015b\u0107 pod\u0142\u0105czenia 1 lub 2 element\u00f3w obs\u0142ugi, kt\u00f3re b\u0119d\u0105 sterowane przez w\u0142\u0105cznik\/wy\u0142\u0105cznik.<\/p>\n<\/div><\/div><\/div><\/div><div class=\"wpb_column vc_column_container\"><div class=\"vc_column-inner\"><div class=\"w-image align_center\"><div class=\"w-image-h\"><img decoding=\"async\" width=\"150\" height=\"150\" src=\"https:\/\/beditom.pl\/app\/uploads\/2024\/03\/FFL12-150x150.webp\" class=\"attachment-thumbnail size-thumbnail\" alt=\"Beditom bramy gara\u017cowe\" loading=\"lazy\" srcset=\"https:\/\/beditom.pl\/app\/uploads\/2024\/03\/FFL12-150x150.webp 150w, https:\/\/beditom.pl\/app\/uploads\/2024\/03\/FFL12-300x300.webp 300w\" sizes=\"auto, (max-width: 150px) 100vw, 150px\" title=\"Porte sezionali da garage Beditom\"><\/div><\/div><div class=\"wpb_text_column us_custom_32207688\"><div class=\"wpb_wrapper\"><p style=\"text-align: center;\">Radiowy czytnik linii papilarnych<\/p>\n<\/div><\/div><div class=\"w-separator size_small\"><\/div><div class=\"wpb_text_column\"><div class=\"wpb_wrapper\"><p style=\"text-align: center;\">Bezprzewodowy system odczytu linii papilarnych FFL12 do sterowania 1 lub 2 nap\u0119dami do bram za pomoc\u0105 odcisku palca. W systemie mo\u017cna zaprogramowa\u0107 12 odcisk\u00f3w palca.<\/p>\n<\/div><\/div><\/div><\/div><\/div><\/div><\/section><section class=\"l-section wpb_row us_custom_887a049b height_medium width_custom\" style=\"--site-content-width:1320px;\"><div class=\"l-section-h i-cf\"><div class=\"g-cols vc_row via_grid cols_3 laptops-cols_inherit tablets-cols_inherit mobiles-cols_1 valign_top type_default stacking_default\"><div class=\"wpb_column vc_column_container\"><div class=\"vc_column-inner\"><div class=\"w-image align_center\"><div class=\"w-image-h\"><img decoding=\"async\" width=\"400\" height=\"333\" src=\"https:\/\/beditom.pl\/app\/uploads\/2024\/03\/SLU23.webp\" class=\"attachment-us_200_200 size-us_200_200\" alt=\"Beditom bramy gara\u017cowe\" loading=\"lazy\" srcset=\"https:\/\/beditom.pl\/app\/uploads\/2024\/03\/SLU23.webp 400w, https:\/\/beditom.pl\/app\/uploads\/2024\/03\/SLU23-300x250.webp 300w\" sizes=\"auto, (max-width: 400px) 100vw, 400px\" title=\"Porte sezionali da garage Beditom\"><\/div><\/div><div class=\"wpb_text_column us_custom_32207688\"><div class=\"wpb_wrapper\"><p style=\"text-align: center;\">Prze\u0142\u0105czniki na klucz<\/p>\n<\/div><\/div><div class=\"w-separator size_small\"><\/div><div class=\"wpb_text_column\"><div class=\"wpb_wrapper\"><p style=\"text-align: center;\">Mamy w ofercie prze\u0142\u0105czniki na klucz SL\u00dc23\/2 i SL\u00dc24\/2, kt\u00f3re umo\u017cliwiaj\u0105 uzyskanie dost\u0119pu do gara\u017cu za pomoc\u0105 kluczy.<\/p>\n<\/div><\/div><\/div><\/div><div class=\"wpb_column vc_column_container\"><div class=\"vc_column-inner\"><\/div><\/div><div class=\"wpb_column vc_column_container\"><div class=\"vc_column-inner\"><\/div><\/div><\/div><\/div><\/section>","protected":false},"excerpt":{"rendered":"Berner Automatyka do bram przesuwnych Strona g\u0142\u00f3wnaPagine OPIS PRODUKTU Automatyka do bram przesuwnychNap\u0119dy Berner do bram przesuwnych z silnikami 24 V, 230 V i 400 V nadaj\u0105 si\u0119 do monta\u017cu zar\u00f3wno w domach prywatnych, jak i obiektach u\u017cytkowych. Solidna obudowa z ci\u015bnieniowego odlewu cynkowego sprawia, \u017ce s\u0105 szczeg\u00f3lnie trwa\u0142e i niezawodne. Sterowniki nap\u0119d\u00f3w do bram...","protected":false},"author":1,"featured_media":3773,"parent":1197,"menu_order":0,"comment_status":"closed","ping_status":"closed","template":"","meta":{"_acf_changed":false,"footnotes":""},"class_list":["post-1200","page","type-page","status-publish","has-post-thumbnail","hentry"],"acf":[],"_links":{"self":[{"href":"https:\/\/beditom.pl\/it\/wp-json\/wp\/v2\/pages\/1200","targetHints":{"allow":["GET"]}}],"collection":[{"href":"https:\/\/beditom.pl\/it\/wp-json\/wp\/v2\/pages"}],"about":[{"href":"https:\/\/beditom.pl\/it\/wp-json\/wp\/v2\/types\/page"}],"author":[{"embeddable":true,"href":"https:\/\/beditom.pl\/it\/wp-json\/wp\/v2\/users\/1"}],"replies":[{"embeddable":true,"href":"https:\/\/beditom.pl\/it\/wp-json\/wp\/v2\/comments?post=1200"}],"version-history":[{"count":14,"href":"https:\/\/beditom.pl\/it\/wp-json\/wp\/v2\/pages\/1200\/revisions"}],"predecessor-version":[{"id":3410,"href":"https:\/\/beditom.pl\/it\/wp-json\/wp\/v2\/pages\/1200\/revisions\/3410"}],"up":[{"embeddable":true,"href":"https:\/\/beditom.pl\/it\/wp-json\/wp\/v2\/pages\/1197"}],"wp:featuredmedia":[{"embeddable":true,"href":"https:\/\/beditom.pl\/it\/wp-json\/wp\/v2\/media\/3773"}],"wp:attachment":[{"href":"https:\/\/beditom.pl\/it\/wp-json\/wp\/v2\/media?parent=1200"}],"curies":[{"name":"wp","href":"https:\/\/api.w.org\/{rel}","templated":true}]}}